{"id":35545,"date":"2025-07-24T17:24:11","date_gmt":"2025-07-24T15:24:11","guid":{"rendered":"https:\/\/www.prattriatlo.com\/aquatlo-i-triatlo-infantil-prat-triatle-1994\/"},"modified":"2025-07-28T13:18:37","modified_gmt":"2025-07-28T11:18:37","slug":"aquatlo-i-triatlo-infantil-prat-triatle-1994","status":"publish","type":"page","link":"https:\/\/www.prattriatlo.com\/ca\/aquatlo-i-triatlo-infantil-prat-triatle-1994\/","title":{"rendered":"AQUATL\u00d3 I TRIATL\u00d3 INFANTIL PRAT TRIATLE 1994"},"content":{"rendered":"\t\t<div data-elementor-type=\"wp-page\" data-elementor-id=\"35545\" class=\"elementor elementor-35545 elementor-34892\">\n\t\t\t\t\t\t<section class=\"elementor-section elementor-top-section elementor-element elementor-element-3726795 elementor-section-height-min-height elementor-section-boxed elementor-section-height-default elementor-section-items-middle sc_fly_static\" data-id=\"3726795\" data-element_type=\"section\" data-settings=\"{&quot;background_background&quot;:&quot;classic&quot;}\">\n\t\t\t\t\t\t<div class=\"elementor-container elementor-column-gap-extended\">\n\t\t\t\t\t<div class=\"elementor-column elementor-col-100 elementor-top-column elementor-element elementor-element-528a800 sc_content_align_inherit sc_layouts_column_icons_position_left sc_fly_static\" data-id=\"528a800\" data-element_type=\"column\">\n\t\t\t<div class=\"elementor-widget-wrap elementor-element-populated\">\n\t\t\t\t\t\t<div class=\"elementor-element elementor-element-35b966a sc_fly_static elementor-widget elementor-widget-trx_sc_title\" data-id=\"35b966a\" data-element_type=\"widget\" data-widget_type=\"trx_sc_title.default\">\n\t\t\t\t<div class=\"elementor-widget-container\">\n\t\t\t\t\t<div\t\tclass=\"sc_title sc_title_default\" ><span class=\"sc_item_subtitle sc_title_subtitle sc_align_center sc_item_subtitle_above sc_item_title_style_default sc_item_subtitle_with_custom_color trx_addons_inline_1531313538\">CURSA<\/span><h1 class=\"sc_item_title sc_title_title sc_align_center sc_item_title_style_default sc_item_title_tag trx_addons_inline_2133898538\"\n\t\t\t><span class=\"sc_item_title_text\">AQUATL\u00d3 I TRIATL\u00d3 INFANTIL PRAT TRIATLE 1994<\/span><\/h1><\/div>\t\t\t\t<\/div>\n\t\t\t\t<\/div>\n\t\t\t\t\t<\/div>\n\t\t<\/div>\n\t\t\t\t\t<\/div>\n\t\t<\/section>\n\t\t\t\t<section class=\"elementor-section elementor-top-section elementor-element elementor-element-83efb29 elementor-section-boxed elementor-section-height-default elementor-section-height-default sc_fly_static\" data-id=\"83efb29\" data-element_type=\"section\">\n\t\t\t\t\t\t<div class=\"elementor-container elementor-column-gap-extended\">\n\t\t\t\t\t<div class=\"elementor-column elementor-col-100 elementor-top-column elementor-element elementor-element-3d59ffa sc_content_align_inherit sc_layouts_column_icons_position_left sc_fly_static\" data-id=\"3d59ffa\" data-element_type=\"column\">\n\t\t\t<div class=\"elementor-widget-wrap elementor-element-populated\">\n\t\t\t\t\t\t<div class=\"elementor-element elementor-element-a96fd19 sc_fly_static elementor-widget elementor-widget-text-editor\" data-id=\"a96fd19\" data-element_type=\"widget\" data-widget_type=\"text-editor.default\">\n\t\t\t\t<div class=\"elementor-widget-container\">\n\t\t\t\t\t\t\t\t\tDiverses edicions organitzades en els 10 anys d&#8217;hist\u00f2ria de l&#8217;escola de triatl\u00f3 del Prat Triatlo 1994, enfocada a les edats menors, l&#8217;aquatl\u00f3 i el triatl\u00f3 infantil Prat Triatlo 1994, se centra en la nostra instal\u00b7laci\u00f3 habitual, el Complex Esportiu Municipal Sagnier, que amb la seva piscina de 2 atletisme, ofereixen lescenari ideal per al desenvolupament duna prova com aquesta de promoci\u00f3 esportiva. En format de &#8216;s\u00e8ries&#8217; en funci\u00f3 de la categoria (des de prebenjam\u00ed fins a juvenil), es van desenvolupant les diferents carreres, modificant les dist\u00e0ncies en cadascuna adaptant-se al nivell de cadascuna de les edats amb l&#8217;objectiu prioritari de generar afici\u00f3, deixant una mica al marge la competitivitat en aquest cas. El circuit ciclista en el cas del triatl\u00f3 infantil es duu a terme al voltant del complex esportiu, aprofitant el pol\u00edgon industrial de la zona. La carrer a peu envolta es fa \u00edntegrament a l&#8217;interior del complex, facilitant als familiars, el seguiment integral de la cursa.  \t\t\t\t\t\t\t\t<\/div>\n\t\t\t\t<\/div>\n\t\t\t\t\t<\/div>\n\t\t<\/div>\n\t\t\t\t\t<\/div>\n\t\t<\/section>\n\t\t\t\t<\/div>\n\t\t","protected":false},"excerpt":{"rendered":"<p>CURSA AQUATL\u00d3 I TRIATL\u00d3 INFANTIL PRAT TRIATLE 1994 Diverses edicions organitzades en els 10 anys d&#8217;hist\u00f2ria de l&#8217;escola de triatl\u00f3 del Prat Triatlo 1994, enfocada a les edats menors, l&#8217;aquatl\u00f3&hellip;<\/p>\n","protected":false},"author":1,"featured_media":0,"parent":0,"menu_order":0,"comment_status":"closed","ping_status":"closed","template":"","meta":{"footnotes":""},"class_list":["post-35545","page","type-page","status-publish","hentry"],"yoast_head":"<!-- This site is optimized with the Yoast SEO plugin v25.6 - https:\/\/yoast.com\/wordpress\/plugins\/seo\/ -->\n<title>AQUATL\u00d3 I TRIATL\u00d3 INFANTIL PRAT TRIATLE 1994 - Prat Triatl\u00f3<\/title>\n<meta name=\"robots\" content=\"index, follow, max-snippet:-1, max-image-preview:large, max-video-preview:-1\" \/>\n<link rel=\"canonical\" href=\"https:\/\/www.prattriatlo.com\/ca\/aquatlo-i-triatlo-infantil-prat-triatle-1994\/\" \/>\n<meta property=\"og:locale\" content=\"ca_ES\" \/>\n<meta property=\"og:type\" content=\"article\" \/>\n<meta property=\"og:title\" content=\"AQUATL\u00d3 I TRIATL\u00d3 INFANTIL PRAT TRIATLE 1994 - Prat Triatl\u00f3\" \/>\n<meta property=\"og:description\" content=\"CURSA AQUATL\u00d3 I TRIATL\u00d3 INFANTIL PRAT TRIATLE 1994 Diverses edicions organitzades en els 10 anys d&#8217;hist\u00f2ria de l&#8217;escola de triatl\u00f3 del Prat Triatlo 1994, enfocada a les edats menors, l&#8217;aquatl\u00f3&hellip;\" \/>\n<meta property=\"og:url\" content=\"https:\/\/www.prattriatlo.com\/ca\/aquatlo-i-triatlo-infantil-prat-triatle-1994\/\" \/>\n<meta property=\"og:site_name\" content=\"Prat Triatl\u00f3\" \/>\n<meta property=\"article:publisher\" content=\"https:\/\/www.facebook.com\/prattriatlo\" \/>\n<meta property=\"article:modified_time\" content=\"2025-07-28T11:18:37+00:00\" \/>\n<meta name=\"twitter:card\" content=\"summary_large_image\" \/>\n<meta name=\"twitter:site\" content=\"@prattriatlo\" \/>\n<meta name=\"twitter:label1\" content=\"Temps estimat de lectura\" \/>\n\t<meta name=\"twitter:data1\" content=\"1 minut\" \/>\n<script type=\"application\/ld+json\" class=\"yoast-schema-graph\">{\"@context\":\"https:\/\/schema.org\",\"@graph\":[{\"@type\":\"WebPage\",\"@id\":\"https:\/\/www.prattriatlo.com\/ca\/aquatlo-i-triatlo-infantil-prat-triatle-1994\/\",\"url\":\"https:\/\/www.prattriatlo.com\/ca\/aquatlo-i-triatlo-infantil-prat-triatle-1994\/\",\"name\":\"AQUATL\u00d3 I TRIATL\u00d3 INFANTIL PRAT TRIATLE 1994 - Prat Triatl\u00f3\",\"isPartOf\":{\"@id\":\"https:\/\/www.prattriatlo.com\/#website\"},\"datePublished\":\"2025-07-24T15:24:11+00:00\",\"dateModified\":\"2025-07-28T11:18:37+00:00\",\"breadcrumb\":{\"@id\":\"https:\/\/www.prattriatlo.com\/ca\/aquatlo-i-triatlo-infantil-prat-triatle-1994\/#breadcrumb\"},\"inLanguage\":\"ca\",\"potentialAction\":[{\"@type\":\"ReadAction\",\"target\":[\"https:\/\/www.prattriatlo.com\/ca\/aquatlo-i-triatlo-infantil-prat-triatle-1994\/\"]}]},{\"@type\":\"BreadcrumbList\",\"@id\":\"https:\/\/www.prattriatlo.com\/ca\/aquatlo-i-triatlo-infantil-prat-triatle-1994\/#breadcrumb\",\"itemListElement\":[{\"@type\":\"ListItem\",\"position\":1,\"name\":\"Portada\",\"item\":\"https:\/\/www.prattriatlo.com\/ca\/prat-triatlo\/\"},{\"@type\":\"ListItem\",\"position\":2,\"name\":\"AQUATL\u00d3 I TRIATL\u00d3 INFANTIL PRAT TRIATLE 1994\"}]},{\"@type\":\"WebSite\",\"@id\":\"https:\/\/www.prattriatlo.com\/#website\",\"url\":\"https:\/\/www.prattriatlo.com\/\",\"name\":\"Prat Triatl\u00f3\",\"description\":\"\",\"publisher\":{\"@id\":\"https:\/\/www.prattriatlo.com\/#organization\"},\"potentialAction\":[{\"@type\":\"SearchAction\",\"target\":{\"@type\":\"EntryPoint\",\"urlTemplate\":\"https:\/\/www.prattriatlo.com\/?s={search_term_string}\"},\"query-input\":{\"@type\":\"PropertyValueSpecification\",\"valueRequired\":true,\"valueName\":\"search_term_string\"}}],\"inLanguage\":\"ca\"},{\"@type\":\"Organization\",\"@id\":\"https:\/\/www.prattriatlo.com\/#organization\",\"name\":\"Prat Triatl\u00f3\",\"url\":\"https:\/\/www.prattriatlo.com\/\",\"logo\":{\"@type\":\"ImageObject\",\"inLanguage\":\"ca\",\"@id\":\"https:\/\/www.prattriatlo.com\/#\/schema\/logo\/image\/\",\"url\":\"https:\/\/www.prattriatlo.com\/wp-content\/uploads\/2023\/08\/logo-pt.svg\",\"contentUrl\":\"https:\/\/www.prattriatlo.com\/wp-content\/uploads\/2023\/08\/logo-pt.svg\",\"width\":1,\"height\":1,\"caption\":\"Prat Triatl\u00f3\"},\"image\":{\"@id\":\"https:\/\/www.prattriatlo.com\/#\/schema\/logo\/image\/\"},\"sameAs\":[\"https:\/\/www.facebook.com\/prattriatlo\",\"https:\/\/x.com\/prattriatlo\",\"https:\/\/www.youtube.com\/channel\/UCLDVwUH-kccGVwfV_0wzRHw\",\"https:\/\/www.instagram.com\/prattriatlo\",\"https:\/\/www.flickr.com\/photos\/prattriatlo\"]}]}<\/script>\n<!-- \/ Yoast SEO plugin. -->","yoast_head_json":{"title":"AQUATL\u00d3 I TRIATL\u00d3 INFANTIL PRAT TRIATLE 1994 - Prat Triatl\u00f3","robots":{"index":"index","follow":"follow","max-snippet":"max-snippet:-1","max-image-preview":"max-image-preview:large","max-video-preview":"max-video-preview:-1"},"canonical":"https:\/\/www.prattriatlo.com\/ca\/aquatlo-i-triatlo-infantil-prat-triatle-1994\/","og_locale":"ca_ES","og_type":"article","og_title":"AQUATL\u00d3 I TRIATL\u00d3 INFANTIL PRAT TRIATLE 1994 - Prat Triatl\u00f3","og_description":"CURSA AQUATL\u00d3 I TRIATL\u00d3 INFANTIL PRAT TRIATLE 1994 Diverses edicions organitzades en els 10 anys d&#8217;hist\u00f2ria de l&#8217;escola de triatl\u00f3 del Prat Triatlo 1994, enfocada a les edats menors, l&#8217;aquatl\u00f3&hellip;","og_url":"https:\/\/www.prattriatlo.com\/ca\/aquatlo-i-triatlo-infantil-prat-triatle-1994\/","og_site_name":"Prat Triatl\u00f3","article_publisher":"https:\/\/www.facebook.com\/prattriatlo","article_modified_time":"2025-07-28T11:18:37+00:00","twitter_card":"summary_large_image","twitter_site":"@prattriatlo","twitter_misc":{"Temps estimat de lectura":"1 minut"},"schema":{"@context":"https:\/\/schema.org","@graph":[{"@type":"WebPage","@id":"https:\/\/www.prattriatlo.com\/ca\/aquatlo-i-triatlo-infantil-prat-triatle-1994\/","url":"https:\/\/www.prattriatlo.com\/ca\/aquatlo-i-triatlo-infantil-prat-triatle-1994\/","name":"AQUATL\u00d3 I TRIATL\u00d3 INFANTIL PRAT TRIATLE 1994 - Prat Triatl\u00f3","isPartOf":{"@id":"https:\/\/www.prattriatlo.com\/#website"},"datePublished":"2025-07-24T15:24:11+00:00","dateModified":"2025-07-28T11:18:37+00:00","breadcrumb":{"@id":"https:\/\/www.prattriatlo.com\/ca\/aquatlo-i-triatlo-infantil-prat-triatle-1994\/#breadcrumb"},"inLanguage":"ca","potentialAction":[{"@type":"ReadAction","target":["https:\/\/www.prattriatlo.com\/ca\/aquatlo-i-triatlo-infantil-prat-triatle-1994\/"]}]},{"@type":"BreadcrumbList","@id":"https:\/\/www.prattriatlo.com\/ca\/aquatlo-i-triatlo-infantil-prat-triatle-1994\/#breadcrumb","itemListElement":[{"@type":"ListItem","position":1,"name":"Portada","item":"https:\/\/www.prattriatlo.com\/ca\/prat-triatlo\/"},{"@type":"ListItem","position":2,"name":"AQUATL\u00d3 I TRIATL\u00d3 INFANTIL PRAT TRIATLE 1994"}]},{"@type":"WebSite","@id":"https:\/\/www.prattriatlo.com\/#website","url":"https:\/\/www.prattriatlo.com\/","name":"Prat Triatl\u00f3","description":"","publisher":{"@id":"https:\/\/www.prattriatlo.com\/#organization"},"potentialAction":[{"@type":"SearchAction","target":{"@type":"EntryPoint","urlTemplate":"https:\/\/www.prattriatlo.com\/?s={search_term_string}"},"query-input":{"@type":"PropertyValueSpecification","valueRequired":true,"valueName":"search_term_string"}}],"inLanguage":"ca"},{"@type":"Organization","@id":"https:\/\/www.prattriatlo.com\/#organization","name":"Prat Triatl\u00f3","url":"https:\/\/www.prattriatlo.com\/","logo":{"@type":"ImageObject","inLanguage":"ca","@id":"https:\/\/www.prattriatlo.com\/#\/schema\/logo\/image\/","url":"https:\/\/www.prattriatlo.com\/wp-content\/uploads\/2023\/08\/logo-pt.svg","contentUrl":"https:\/\/www.prattriatlo.com\/wp-content\/uploads\/2023\/08\/logo-pt.svg","width":1,"height":1,"caption":"Prat Triatl\u00f3"},"image":{"@id":"https:\/\/www.prattriatlo.com\/#\/schema\/logo\/image\/"},"sameAs":["https:\/\/www.facebook.com\/prattriatlo","https:\/\/x.com\/prattriatlo","https:\/\/www.youtube.com\/channel\/UCLDVwUH-kccGVwfV_0wzRHw","https:\/\/www.instagram.com\/prattriatlo","https:\/\/www.flickr.com\/photos\/prattriatlo"]}]}},"_links":{"self":[{"href":"https:\/\/www.prattriatlo.com\/ca\/wp-json\/wp\/v2\/pages\/35545","targetHints":{"allow":["GET"]}}],"collection":[{"href":"https:\/\/www.prattriatlo.com\/ca\/wp-json\/wp\/v2\/pages"}],"about":[{"href":"https:\/\/www.prattriatlo.com\/ca\/wp-json\/wp\/v2\/types\/page"}],"author":[{"embeddable":true,"href":"https:\/\/www.prattriatlo.com\/ca\/wp-json\/wp\/v2\/users\/1"}],"replies":[{"embeddable":true,"href":"https:\/\/www.prattriatlo.com\/ca\/wp-json\/wp\/v2\/comments?post=35545"}],"version-history":[{"count":1,"href":"https:\/\/www.prattriatlo.com\/ca\/wp-json\/wp\/v2\/pages\/35545\/revisions"}],"predecessor-version":[{"id":35546,"href":"https:\/\/www.prattriatlo.com\/ca\/wp-json\/wp\/v2\/pages\/35545\/revisions\/35546"}],"wp:attachment":[{"href":"https:\/\/www.prattriatlo.com\/ca\/wp-json\/wp\/v2\/media?parent=35545"}],"curies":[{"name":"wp","href":"https:\/\/api.w.org\/{rel}","templated":true}]}}